{"id":313,"date":"2021-06-15T11:19:24","date_gmt":"2021-06-15T14:19:24","guid":{"rendered":"https:\/\/hostexpress.com.br\/oficina1\/?page_id=313"},"modified":"2021-07-12T18:18:15","modified_gmt":"2021-07-12T21:18:15","slug":"inscricoes-2","status":"publish","type":"page","link":"https:\/\/hostexpress.com.br\/oficina1\/inscricoes-2\/","title":{"rendered":"Inscri\u00e7\u00f5es"},"content":{"rendered":"\t\t<div data-elementor-type=\"wp-page\" data-elementor-id=\"313\" class=\"elementor elementor-313\" data-elementor-settings=\"[]\">\n\t\t\t\t\t\t\t<div class=\"elementor-section-wrap\">\n\t\t\t\t\t\t\t<section class=\"elementor-section elementor-top-section elementor-element elementor-element-4817587 elementor-section-boxed elementor-section-height-default elementor-section-height-default\" data-id=\"4817587\" data-element_type=\"section\">\n\t\t\t\t\t\t<div class=\"elementor-container elementor-column-gap-default\">\n\t\t\t\t\t<div class=\"elementor-column elementor-col-100 elementor-top-column elementor-element elementor-element-de7330b\" data-id=\"de7330b\" data-element_type=\"column\">\n\t\t\t<div class=\"elementor-widget-wrap elementor-element-populated\">\n\t\t\t\t\t\t\t\t<div class=\"elementor-element elementor-element-7a47ddd elementor-widget elementor-widget-heading\" data-id=\"7a47ddd\" data-element_type=\"widget\" data-widget_type=\"heading.default\">\n\t\t\t\t<div class=\"elementor-widget-container\">\n\t\t\t<h2 class=\"elementor-heading-title elementor-size-default\">Inscri\u00e7\u00f5es<\/h2>\t\t<\/div>\n\t\t\t\t<\/div>\n\t\t\t\t\t<\/div>\n\t\t<\/div>\n\t\t\t\t\t\t\t<\/div>\n\t\t<\/section>\n\t\t\t\t<section class=\"elementor-section elementor-top-section elementor-element elementor-element-9d3aac8 elementor-section-boxed elementor-section-height-default elementor-section-height-default\" data-id=\"9d3aac8\" data-element_type=\"section\">\n\t\t\t\t\t\t<div class=\"elementor-container elementor-column-gap-default\">\n\t\t\t\t\t<div class=\"elementor-column elementor-col-100 elementor-top-column elementor-element elementor-element-6ed748d\" data-id=\"6ed748d\" data-element_type=\"column\">\n\t\t\t<div class=\"elementor-widget-wrap elementor-element-populated\">\n\t\t\t\t\t\t\t\t<div class=\"elementor-element elementor-element-84d7eae elementor-widget elementor-widget-text-editor\" data-id=\"84d7eae\" data-element_type=\"widget\" data-widget_type=\"text-editor.default\">\n\t\t\t\t<div class=\"elementor-widget-container\">\n\t\t\t\t\t\t\t<div class=\"sp-content\"><h2 style=\"text-align: left;\"><em><strong>Leia as condi\u00e7\u00f5es abaixo, a<\/strong><\/em><strong><em>ntes de se inscrever:<\/em><br \/><\/strong><\/h2><h3 style=\"text-align: left;\"><b>Sobre os cursos oferecidos<br \/><\/b><\/h3><h3 style=\"text-align: left;\">1 \u2013 Per\u00edodo de aulas:- 07\/agosto\/21 at\u00e9 11\/dezembro\/21<br \/>LOCAL: ZOOM (https:\/\/zoom.us)<\/h3><h3 style=\"text-align: left;\">2 \u2013 Dias e hor\u00e1rios dos cursos:<\/h3><p style=\"text-align: left;\"><strong><u>Segunda 19:00 \u00e0s 21:15<\/u><\/strong><br \/>Guitarra\u00a0<\/p><p style=\"text-align: left;\"><strong><u>Ter\u00e7a 17:00 \u00e0s 18:45<\/u><\/strong><br \/>Viv\u00eancias na Arte<\/p><p style=\"text-align: left;\"><strong><u>S\u00e1bado 10:30 \u00e0s 12:30<\/u><\/strong><br \/>Arte da Palavra \/ Baixo El\u00e9trico \/\u00a0Canto \/\u00a0Espa\u00e7o Infantil de Experimenta\u00e7\u00e3o Art\u00edstica \/ Pratica Musical \/ Teatro \/\u00a0Teclado\u00a0\/\u00a0Violino \/\u00a0Violoncelo<\/p><p style=\"text-align: left;\"><strong><u>S\u00e1bado 15:00 \u00e0s 17:00<\/u><\/strong><br \/>Dan\u00e7a \/ Sopros<\/p><p style=\"text-align: left;\">3 \u2013 Todos os cursos s\u00e3o gratuitos.<\/p><p style=\"text-align: left;\">4\u00a0\u2013 O desenvolvimento das suas habilidades depende muito de voc\u00ea: seja pontual, ass\u00edduo e reserve um hor\u00e1rio para estudar em casa!<\/p><p style=\"text-align: left;\">5 \u2013 Tr\u00eas faltas consecutivas, sem justificativas, provocam seu desligamento do curso.<\/p><p style=\"text-align: left;\">6 \u2013 O estudo da Arte \u00e0 luz da Doutrina Esp\u00edrita \u00e9 parte fundamental dos trabalhos. Assim, as aulas ser\u00e3o oferecidas com uma breve conversa, que buscar\u00e1 atender a finalidade citada, seguido pelo estudo t\u00e9cnico da express\u00e3o art\u00edstica escolhida.<\/p><h3 style=\"text-align: left;\"><b>Para se inscrever<\/b><\/h3><p style=\"text-align: left;\">1 \u2013 Preencher corretamente todos os dados da inscri\u00e7\u00e3o.<\/p><p style=\"text-align: left;\">2 \u2013 Ap\u00f3s o envio do formul\u00e1rio, acompanhe as atualiza\u00e7\u00f5es do site da Oficina para verificar se sua pr\u00e9-inscri\u00e7\u00e3o foi confirmada. Esse procedimento\u00a0<b>n\u00e3o \u00e9 autom\u00e1tico<\/b>, portanto pode demorar um pouco para seu nome aparecer.<\/p><p style=\"text-align: left;\">3 \u2013 Ap\u00f3s a confirma\u00e7\u00e3o da pr\u00e9-inscri\u00e7\u00e3o realizada no site, compare\u00e7a \u00e0 aula inaugural para confirmar sua matr\u00edcula e sua ades\u00e3o ao curso escolhido.<\/p><p style=\"text-align: left;\">4 \u2013 O n\u00e3o comparecimento, sem justificativa, nos dois primeiros dias de aula acarretar\u00e1 o cancelamento da sua inscri\u00e7\u00e3o.<\/p><p style=\"text-align: left;\">5 \u2013 Como as vagas s\u00e3o limitadas, pode acontecer de voc\u00ea entrar em lista de espera. Essa informa\u00e7\u00e3o tamb\u00e9m ser\u00e1 publicada no site.<\/p><p style=\"text-align: left;\">6 \u2013 Os inscritos que estiverem na lista de espera ser\u00e3o chamados por e-mail ou Whatsapp, em caso de disponibilidade de vaga.<\/p><p style=\"text-align: left;\">7 \u2013 Caso seu nome n\u00e3o apare\u00e7a no site, nem em inscri\u00e7\u00e3o confirmada, nem na lista de espera,\u00a0entre em contato\u00a0 pelo\u00a0<strong><a href=\"https:\/\/api.whatsapp.com\/send?phone=5521997191250\">Oficina Fone<\/a>\u00a0(21 99719-1250).<\/strong><\/p><p style=\"text-align: left;\">8 \u2013 A lista de espera ser\u00e1 organizada segundo o dia e hora de preenchimento do formul\u00e1rio online. O n\u00e3o comparecimento, sem justificativa, nos dois primeiros dias de aula acarretar\u00e1 o cancelamento da sua inscri\u00e7\u00e3o.<\/p><p style=\"text-align: left;\"><em>9 \u2013 Cada aluno poder\u00e1 se inscrever em mais de um curso, desde que ocorram em per\u00edodos diferentes.<\/em><\/p><p style=\"text-align: left;\">10 \u2013 Caso o aluno se inscreva em mais de um curso que ocorram num mesmo dia \/ hor\u00e1rio, estar\u00e1 valendo somente a \u00faltima inscri\u00e7\u00e3o efetuada.<\/p><p style=\"text-align: left;\"><em>11 \u2013 N\u00e3o \u00e9 permitido estar em duas filas de espera simultaneamente, para cursos que ocorram num mesmo dia \/ hor\u00e1rio.<\/em><\/p><p style=\"text-align: left;\"><strong>12 \u2013 As inscri\u00e7\u00f5es se encerrar\u00e3o antes do prazo previsto, caso as vagas dispon\u00edveis sejam preenchidas.<\/strong><\/p><h3><b>CURSOS DISPON\u00cdVEIS:<\/b><img loading=\"lazy\" class=\"alignnone wp-image-5478 size-full\" style=\"font-size: 16px;\" src=\"http:\/\/oficina.org.br\/oeae\/wp-content\/uploads\/2017\/02\/bt-encerradas.png\" alt=\"\" width=\"141\" height=\"43\" \/><\/h3><h3><img loading=\"lazy\" class=\"aligncenter size-full wp-image-5471\" src=\"http:\/\/oficina.org.br\/oeae\/wp-content\/uploads\/2017\/02\/bt-inscreva.png\" alt=\"\" width=\"141\" height=\"43\" \/><\/h3><p><a href=\"https:\/\/mla.bs\/81817fbb\"><img loading=\"lazy\" class=\"aligncenter wp-image-5470 size-full\" src=\"http:\/\/oficina.org.br\/oeae\/wp-content\/uploads\/2017\/02\/bt-espera1.png\" alt=\"\" width=\"141\" height=\"43\" \/><\/a><\/p><table><tbody><tr><td style=\"text-align: center;\"><strong>CURSO<\/strong><\/td><td><p style=\"text-align: center;\"><strong>Idade <br \/><\/strong><strong>m\u00ednima<\/strong><\/p><\/td><td style=\"text-align: center;\"><strong>Dia da Semana<br \/>e Hor\u00e1rio<\/strong><\/td><td><h3>\u00a0<\/h3><\/td><\/tr><tr><td>Arte da Palavra<\/td><td>16 anos<\/td><td>S\u00e1bado<br \/>10:30h \u00e0s 12:30h<\/td><td><h3>\u00a0<\/h3><\/td><\/tr><tr><td>Baixo El\u00e9trico<\/td><td>10 anos<\/td><td>S\u00e1bado<br \/>10:30h \u00e0s 12:30h<\/td><td>\u00a0<\/td><\/tr><tr><td>Canto<\/td><td>14 anos<\/td><td>S\u00e1bado<br \/>10:30h \u00e0s 12:30h<\/td><td>\u00a0<\/td><\/tr><tr><td>Dan\u00e7a<\/td><td>16 anos<\/td><td>S\u00e1bado<br \/>15:00h \u00e0s 17:00h<\/td><td>\u00a0<\/td><\/tr><tr><td>Espa\u00e7o Infantil de<br \/>Experimenta\u00e7\u00e3o Art\u00edstica<\/td><td>5 a 9 anos<\/td><td>S\u00e1bado<br \/>9:00h \u00e0s 10:00h<\/td><td>\u00a0<\/td><\/tr><tr><td>Guitarra<\/td><td>12 anos<\/td><td>Segunda<br \/>19:00h \u00e0s 21:00h<\/td><td>\u00a0<\/td><\/tr><tr><td>Sopros<\/td><td>8 anos<\/td><td>S\u00e1bado<br \/>15:00h \u00e0s 17:00h<\/td><td>\u00a0<\/td><\/tr><tr><td>Pr\u00e1tica musical<\/td><td>9 a 13 anos<\/td><td>S\u00e1bado<br \/>10:30h \u00e0s 12:30h<\/td><td>\u00a0<\/td><\/tr><tr><td>Teatro<\/td><td>13 anos<\/td><td>S\u00e1bado<br \/>10:30h \u00e0s 12:30h<\/td><td>\u00a0<\/td><\/tr><tr><td>Teclado<\/td><td>10 anos<\/td><td>S\u00e1bado<br \/>10:30h \u00e0s 12:30h<\/td><td>\u00a0<\/td><\/tr><tr><td>Viol\u00e3o\u00a0manh\u00e3<\/td><td>08 anos<\/td><td>S\u00e1bado<br \/>10:30h \u00e0s 12:30h<\/td><td>\u00a0<\/td><\/tr><tr><td>Viol\u00e3o\u00a0tarde<\/td><td>10 anos<\/td><td>S\u00e1bado<br \/>15:00h \u00e0s 17:00h<\/td><td>\u00a0<\/td><\/tr><tr><td>Violino<\/td><td>5 anos<\/td><td>S\u00e1bado<br \/>10:30h \u00e0s 12:30h<\/td><td>\u00a0<\/td><\/tr><tr><td>Violoncelo<\/td><td>14 anos<\/td><td>S\u00e1bado<br \/>10:30h \u00e0s 12:30h<\/td><td>\u00a0<\/td><\/tr><tr><td>Viv\u00eancias na Arte<\/td><td>15 anos<\/td><td>Ter\u00e7a<br \/>17:00h \u00e0s 18:45h<\/td><td>\u00a0<\/td><\/tr><\/tbody><\/table><h4>\u00a0<\/h4><h3><a title=\"D\u00favidas\" href=\"http:\/\/oficina.org.br\/oeae\/duvidas\/\">Ficou com alguma d\u00favida? Clique aqui<\/a><\/h3><h3>Ou fale com o\u00a0<a href=\"https:\/\/api.whatsapp.com\/send?phone=5521997191250\">Oficina Fone<\/a>\u00a0<strong>(21 99719-1250)<\/strong><\/h3><div id=\"fbilike\">\u00a0<\/div><\/div>\t\t\t\t\t\t<\/div>\n\t\t\t\t<\/div>\n\t\t\t\t\t<\/div>\n\t\t<\/div>\n\t\t\t\t\t\t\t<\/div>\n\t\t<\/section>\n\t\t\t\t\t\t<\/div>\n\t\t\t\t\t<\/div>\n\t\t","protected":false},"excerpt":{"rendered":"<p>Inscri\u00e7\u00f5es Leia as condi\u00e7\u00f5es abaixo, antes de se inscrever: Sobre os cursos oferecidos 1 \u2013 Per\u00edodo de aulas:- 07\/agosto\/21 at\u00e9 11\/dezembro\/21LOCAL: ZOOM (https:\/\/zoom.us) 2 \u2013 Dias e hor\u00e1rios dos cursos: Segunda 19:00 \u00e0s 21:15Guitarra\u00a0 Ter\u00e7a 17:00 \u00e0s 18:45Viv\u00eancias na Arte S\u00e1bado 10:30 \u00e0s 12:30Arte da Palavra \/ Baixo El\u00e9trico \/\u00a0Canto \/\u00a0Espa\u00e7o Infantil de Experimenta\u00e7\u00e3o Art\u00edstica &#8230; <span class=\"more\"><a class=\"more-link\" href=\"https:\/\/hostexpress.com.br\/oficina1\/inscricoes-2\/\"><\/a><\/span><\/p>\n","protected":false},"author":1,"featured_media":0,"parent":0,"menu_order":0,"comment_status":"closed","ping_status":"closed","template":"elementor_header_footer","meta":[],"_links":{"self":[{"href":"https:\/\/hostexpress.com.br\/oficina1\/wp-json\/wp\/v2\/pages\/313"}],"collection":[{"href":"https:\/\/hostexpress.com.br\/oficina1\/wp-json\/wp\/v2\/pages"}],"about":[{"href":"https:\/\/hostexpress.com.br\/oficina1\/wp-json\/wp\/v2\/types\/page"}],"author":[{"embeddable":true,"href":"https:\/\/hostexpress.com.br\/oficina1\/wp-json\/wp\/v2\/users\/1"}],"replies":[{"embeddable":true,"href":"https:\/\/hostexpress.com.br\/oficina1\/wp-json\/wp\/v2\/comments?post=313"}],"version-history":[{"count":28,"href":"https:\/\/hostexpress.com.br\/oficina1\/wp-json\/wp\/v2\/pages\/313\/revisions"}],"predecessor-version":[{"id":1233,"href":"https:\/\/hostexpress.com.br\/oficina1\/wp-json\/wp\/v2\/pages\/313\/revisions\/1233"}],"wp:attachment":[{"href":"https:\/\/hostexpress.com.br\/oficina1\/wp-json\/wp\/v2\/media?parent=313"}],"curies":[{"name":"wp","href":"https:\/\/api.w.org\/{rel}","templated":true}]}}